{"id":734,"date":"2013-04-01T15:37:54","date_gmt":"2013-04-01T15:37:54","guid":{"rendered":"http:\/\/www.kriesi.at\/themes\/enfold\/?page_id=734"},"modified":"2025-11-02T17:59:23","modified_gmt":"2025-11-02T16:59:23","slug":"homepage","status":"publish","type":"page","link":"https:\/\/cjnrb.fr\/cjnrb_fr\/","title":{"rendered":"Page d&rsquo;accueil"},"content":{"rendered":"<div id='layer_slider_1' class='avia-layerslider main_color avia-shadow  container_wrap sidebar_right' style=' '   style=' ' ><\/div>\n<\/div><\/div><\/div><!-- close content main div --><\/div><\/div><div id='av_section_1' class='avia-section main_color avia-section-small avia-no-border-styling avia-bg-style-scroll   container_wrap sidebar_right' style='background-color: #b02b2c;  '   style='background-color: #b02b2c;  ' ><div class='container' ><div class='template-page content  av-content-small alpha units'><div class='post-entry post-entry-type-page post-entry-734'><div class='entry-content-wrapper clearfix'>\n<div class=\"flex_column av_one_full  flex_column_div av-zero-column-padding first  \" style='border-radius:0px; '><section class=\"av_textblock_section \"  itemscope=\"itemscope\" itemtype=\"https:\/\/schema.org\/CreativeWork\" ><div class='avia_textblock  av_inherit_color '  style='color:#ffffff; '  itemprop=\"text\" ><h3 style=\"text-align: left;\">Comit\u00e9 de jumelage Noisy le Roi &#8211; Bailly<\/h3>\n<h4 style=\"text-align: left;\">Favoriser les \u00e9changes scolaires, culturels, sportifs, \u00e9conomiques et environnementaux<br \/>\navec les villes d\u2019Albion et Godella.<\/h4>\n<\/div><\/section><\/div>\n<\/div><\/div><\/div><!-- close content main div --><\/div><\/div><div id='after_section_1' class='main_color av_default_container_wrap container_wrap sidebar_right' style=' '   style=' ' ><div class='container' ><div class='template-page content  av-content-small alpha units'><div class='post-entry post-entry-type-page post-entry-734'><div class='entry-content-wrapper clearfix'>\n<section class=\"av_textblock_section \"  itemscope=\"itemscope\" itemtype=\"https:\/\/schema.org\/CreativeWork\" ><div class='avia_textblock  '   itemprop=\"text\" ><blockquote>\n<h2>\u00c9V\u00c9NEMENTS \u00c0 VENIR<\/h2>\n<\/blockquote>\n<\/div><\/section>\n<div class=\"flex_column av_one_full  flex_column_div av-zero-column-padding first  \" style='border-radius:0px; '><div  data-autoplay=''  data-interval='5'  data-animation='fade'  data-show_slide_delay='90'  class='avia-content-slider avia-content-grid-active avia-content-slider1 avia-content-slider-odd  '  itemscope=\"itemscope\" itemtype=\"https:\/\/schema.org\/Blog\" ><div class='avia-content-slider-inner'><div class='slide-entry-wrap'><article class='slide-entry flex_column  post-entry post-entry-5341 slide-entry-overview slide-loop-1 slide-parity-odd  av_one_third first real-thumbnail'  itemscope=\"itemscope\" itemtype=\"https:\/\/schema.org\/BlogPosting\" itemprop=\"blogPost\" ><a href='https:\/\/cjnrb.fr\/cjnrb_fr\/festival-de-guitare-de-godella\/' data-rel='slide-1' class='slide-image' title=''><img width=\"148\" height=\"185\" src=\"https:\/\/cjnrb.fr\/cjnrb_fr\/wp-content\/uploads\/2026\/03\/Cartel-II-Festival-Internacional-de-Guitarra-de-Godella-pdf.jpg\" class=\"attachment-portfolio_small size-portfolio_small wp-post-image\" alt=\"\" loading=\"lazy\" \/><\/a><div class='slide-content'><header class=\"entry-content-header\"><h3 class='slide-entry-title entry-title'  itemprop=\"headline\" ><a href='https:\/\/cjnrb.fr\/cjnrb_fr\/festival-de-guitare-de-godella\/' title='Festival de guitare de Godella'>Festival de guitare de Godella<\/a><\/h3><span class=\"blog-categories minor-meta\"><a href=\"https:\/\/cjnrb.fr\/cjnrb_fr\/category\/evenements-a-venir\/\" rel=\"tag\">\u00c9V\u00c9NEMENTS \u00c0 VENIR<\/a> <\/span><span class=\"av-vertical-delimiter\"><\/span><\/header><div class='slide-entry-excerpt entry-content'  itemprop=\"text\" >Festival de guitare de Godella\r\nEn \u00e9cho au festival de guitare de Noisy-le-Roi\/Bailly qui se tient en novembre, la ville de Godella organise de son c\u00f4t\u00e9 la II\u00e8 \u00e9dition de son festival international qui aura lieu du 28 avril au 1er mai.\u2026<\/div><\/div><footer class=\"entry-footer\"><div class='slide-meta'><time class='slide-meta-time updated'  itemprop=\"datePublished\" datetime=\"2026-03-22T18:31:11+01:00\" >22 mars 2026<\/time><\/div><\/footer><span class='hidden'>\n\t\t\t<span class='av-structured-data'  itemprop=\"ImageObject\" itemscope=\"itemscope\" itemtype=\"https:\/\/schema.org\/ImageObject\"  itemprop='image'>\n\t\t\t\t\t   <span itemprop='url' >https:\/\/cjnrb.fr\/cjnrb_fr\/wp-content\/uploads\/2026\/03\/Cartel-II-Festival-Internacional-de-Guitarra-de-Godella-pdf.jpg<\/span>\n\t\t\t\t\t   <span itemprop='height' >1800<\/span>\n\t\t\t\t\t   <span itemprop='width' >1440<\/span>\n\t\t\t\t  <\/span><span class='av-structured-data'  itemprop=\"publisher\" itemtype=\"https:\/\/schema.org\/Organization\" itemscope=\"itemscope\" >\n\t\t\t\t<span itemprop='name'>francois<\/span>\n\t\t\t\t<span itemprop='logo' itemscope itemtype='https:\/\/schema.org\/ImageObject'>\n\t\t\t\t   <span itemprop='url'>https:\/\/cjnrb.fr\/cjnrb_fr\/wp-content\/uploads\/2022\/05\/tetiere-300x79.png<\/span>\n\t\t\t\t <\/span>\n\t\t\t  <\/span><span class='av-structured-data'  itemprop=\"author\" itemscope=\"itemscope\" itemtype=\"https:\/\/schema.org\/Person\" ><span itemprop='name'>francois<\/span><\/span><span class='av-structured-data'  itemprop=\"datePublished\" datetime=\"2026-02-02T12:54:43+01:00\" >2026-03-22 18:31:11<\/span><span class='av-structured-data'  itemprop=\"dateModified\" itemtype=\"https:\/\/schema.org\/dateModified\" >2026-03-22 18:31:11<\/span><span class='av-structured-data'  itemprop=\"mainEntityOfPage\" itemtype=\"https:\/\/schema.org\/mainEntityOfPage\" ><span itemprop='name'>Festival de guitare de Godella<\/span><\/span><\/span><\/article><article class='slide-entry flex_column  post-entry post-entry-5338 slide-entry-overview slide-loop-2 slide-parity-even  av_one_third  real-thumbnail'  itemscope=\"itemscope\" itemtype=\"https:\/\/schema.org\/BlogPosting\" itemprop=\"blogPost\" ><a href='https:\/\/cjnrb.fr\/cjnrb_fr\/ag-comite-de-jumelage\/' data-rel='slide-1' class='slide-image' title=''><img width=\"260\" height=\"148\" src=\"https:\/\/cjnrb.fr\/cjnrb_fr\/wp-content\/uploads\/2026\/03\/AG-comite-260x148.png\" class=\"attachment-portfolio_small size-portfolio_small wp-post-image\" alt=\"\" loading=\"lazy\" \/><\/a><div class='slide-content'><header class=\"entry-content-header\"><h3 class='slide-entry-title entry-title'  itemprop=\"headline\" ><a href='https:\/\/cjnrb.fr\/cjnrb_fr\/ag-comite-de-jumelage\/' title='AG Comit\u00e9 de Jumelage'>AG Comit\u00e9 de Jumelage<\/a><\/h3><span class=\"blog-categories minor-meta\"><a href=\"https:\/\/cjnrb.fr\/cjnrb_fr\/category\/evenements-a-venir\/\" rel=\"tag\">\u00c9V\u00c9NEMENTS \u00c0 VENIR<\/a> <\/span><span class=\"av-vertical-delimiter\"><\/span><\/header><div class='slide-entry-excerpt entry-content'  itemprop=\"text\" >AG Comit\u00e9 de Jumelage\r\n\"L'association du comit\u00e9 de jumelage tient son Assembl\u00e9e G\u00e9n\u00e9rale, le jeudi 26 mars \u00e0 19H au coll\u00e8ge de la Quintinye.\r\nVous \u00eates adh\u00e9rents,sympathisants,familles d'accueil soyez les bienvenus.\r\nVous aurez ainsi\u2026<\/div><\/div><footer class=\"entry-footer\"><div class='slide-meta'><time class='slide-meta-time updated'  itemprop=\"datePublished\" datetime=\"2026-03-22T18:25:05+01:00\" >22 mars 2026<\/time><\/div><\/footer><span class='hidden'>\n\t\t\t<span class='av-structured-data'  itemprop=\"ImageObject\" itemscope=\"itemscope\" itemtype=\"https:\/\/schema.org\/ImageObject\"  itemprop='image'>\n\t\t\t\t\t   <span itemprop='url' >https:\/\/cjnrb.fr\/cjnrb_fr\/wp-content\/uploads\/2026\/03\/AG-comite.png<\/span>\n\t\t\t\t\t   <span itemprop='height' >148<\/span>\n\t\t\t\t\t   <span itemprop='width' >270<\/span>\n\t\t\t\t  <\/span><span class='av-structured-data'  itemprop=\"publisher\" itemtype=\"https:\/\/schema.org\/Organization\" itemscope=\"itemscope\" >\n\t\t\t\t<span itemprop='name'>francois<\/span>\n\t\t\t\t<span itemprop='logo' itemscope itemtype='https:\/\/schema.org\/ImageObject'>\n\t\t\t\t   <span itemprop='url'>https:\/\/cjnrb.fr\/cjnrb_fr\/wp-content\/uploads\/2022\/05\/tetiere-300x79.png<\/span>\n\t\t\t\t <\/span>\n\t\t\t  <\/span><span class='av-structured-data'  itemprop=\"author\" itemscope=\"itemscope\" itemtype=\"https:\/\/schema.org\/Person\" ><span itemprop='name'>francois<\/span><\/span><span class='av-structured-data'  itemprop=\"datePublished\" datetime=\"2026-02-02T12:54:43+01:00\" >2026-03-22 18:25:05<\/span><span class='av-structured-data'  itemprop=\"dateModified\" itemtype=\"https:\/\/schema.org\/dateModified\" >2026-03-22 18:26:43<\/span><span class='av-structured-data'  itemprop=\"mainEntityOfPage\" itemtype=\"https:\/\/schema.org\/mainEntityOfPage\" ><span itemprop='name'>AG Comit\u00e9 de Jumelage<\/span><\/span><\/span><\/article><article class='slide-entry flex_column  post-entry post-entry-5315 slide-entry-overview slide-loop-3 slide-parity-odd  post-entry-last  av_one_third  real-thumbnail'  itemscope=\"itemscope\" itemtype=\"https:\/\/schema.org\/BlogPosting\" itemprop=\"blogPost\" ><a href='https:\/\/cjnrb.fr\/cjnrb_fr\/un-camp-a-albion-cet-ete\/' data-rel='slide-1' class='slide-image' title=''><img width=\"260\" height=\"185\" src=\"https:\/\/cjnrb.fr\/cjnrb_fr\/wp-content\/uploads\/2026\/02\/camps-Albion-260x185.jpeg\" class=\"attachment-portfolio_small size-portfolio_small wp-post-image\" alt=\"\" loading=\"lazy\" \/><\/a><div class='slide-content'><header class=\"entry-content-header\"><h3 class='slide-entry-title entry-title'  itemprop=\"headline\" ><a href='https:\/\/cjnrb.fr\/cjnrb_fr\/un-camp-a-albion-cet-ete\/' title='\u00bfUn camp \u00e0 Albion cet \u00e9t\u00e9?'>\u00bfUn camp \u00e0 Albion cet \u00e9t\u00e9?<\/a><\/h3><span class=\"blog-categories minor-meta\"><a href=\"https:\/\/cjnrb.fr\/cjnrb_fr\/category\/evenements-a-venir\/\" rel=\"tag\">\u00c9V\u00c9NEMENTS \u00c0 VENIR<\/a> <\/span><span class=\"av-vertical-delimiter\"><\/span><\/header><div class='slide-entry-excerpt entry-content'  itemprop=\"text\" >Camps \u00e0 Albion\r\nLe comit\u00e9 de jumelage d\u2019Albion (MI, Etats-Unis) propose 2 camps d\u2019\u00e9t\u00e9 pour l\u2019\u00e9t\u00e9 2026 pour des jeunes entre 13 et 16 ans. Ces jeunes sont accompagn\u00e9s par un chaperon par groupe de 5. Ils seront log\u00e9s dans les familles.\r\n\r\n\u2026<\/div><\/div><footer class=\"entry-footer\"><div class='slide-meta'><time class='slide-meta-time updated'  itemprop=\"datePublished\" datetime=\"2026-02-02T12:54:43+01:00\" >2 f\u00e9vrier 2026<\/time><\/div><\/footer><span class='hidden'>\n\t\t\t<span class='av-structured-data'  itemprop=\"ImageObject\" itemscope=\"itemscope\" itemtype=\"https:\/\/schema.org\/ImageObject\"  itemprop='image'>\n\t\t\t\t\t   <span itemprop='url' >https:\/\/cjnrb.fr\/cjnrb_fr\/wp-content\/uploads\/2026\/02\/camps-Albion.jpeg<\/span>\n\t\t\t\t\t   <span itemprop='height' >723<\/span>\n\t\t\t\t\t   <span itemprop='width' >546<\/span>\n\t\t\t\t  <\/span><span class='av-structured-data'  itemprop=\"publisher\" itemtype=\"https:\/\/schema.org\/Organization\" itemscope=\"itemscope\" >\n\t\t\t\t<span itemprop='name'>francois<\/span>\n\t\t\t\t<span itemprop='logo' itemscope itemtype='https:\/\/schema.org\/ImageObject'>\n\t\t\t\t   <span itemprop='url'>https:\/\/cjnrb.fr\/cjnrb_fr\/wp-content\/uploads\/2022\/05\/tetiere-300x79.png<\/span>\n\t\t\t\t <\/span>\n\t\t\t  <\/span><span class='av-structured-data'  itemprop=\"author\" itemscope=\"itemscope\" itemtype=\"https:\/\/schema.org\/Person\" ><span itemprop='name'>francois<\/span><\/span><span class='av-structured-data'  itemprop=\"datePublished\" datetime=\"2026-02-02T12:54:43+01:00\" >2026-02-02 12:54:43<\/span><span class='av-structured-data'  itemprop=\"dateModified\" itemtype=\"https:\/\/schema.org\/dateModified\" >2026-02-02 12:54:43<\/span><span class='av-structured-data'  itemprop=\"mainEntityOfPage\" itemtype=\"https:\/\/schema.org\/mainEntityOfPage\" ><span itemprop='name'>\u00bfUn camp \u00e0 Albion cet \u00e9t\u00e9?<\/span><\/span><\/span><\/article><\/div><\/div><\/div><\/div>\n<section class=\"av_textblock_section \"  itemscope=\"itemscope\" itemtype=\"https:\/\/schema.org\/BlogPosting\" itemprop=\"blogPost\" ><div class='avia_textblock  '   itemprop=\"text\" ><blockquote>\n<h2>Actualit\u00e9s<\/h2>\n<\/blockquote>\n<\/div><\/section>\n<div class=\"flex_column av_one_full  flex_column_div av-zero-column-padding first  \" style='border-radius:0px; '><div  data-autoplay=''  data-interval='5'  data-animation='fade'  data-show_slide_delay='90'  class='avia-content-slider avia-content-grid-active avia-content-slider2 avia-content-slider-odd  '  itemscope=\"itemscope\" itemtype=\"https:\/\/schema.org\/Blog\" ><div class='avia-content-slider-inner'><div class='slide-entry-wrap'><article class='slide-entry flex_column  post-entry post-entry-5346 slide-entry-overview slide-loop-1 slide-parity-odd  av_one_third first real-thumbnail'  itemscope=\"itemscope\" itemtype=\"https:\/\/schema.org\/BlogPosting\" itemprop=\"blogPost\" ><a href='https:\/\/cjnrb.fr\/cjnrb_fr\/accueil-des-collegiens-au-college-de-la-quintinie\/' data-rel='slide-2' class='slide-image' title=''><img width=\"260\" height=\"185\" src=\"https:\/\/cjnrb.fr\/cjnrb_fr\/wp-content\/uploads\/2026\/03\/Collegiens-mars-2026-260x185.jpg\" class=\"attachment-portfolio_small size-portfolio_small wp-post-image\" alt=\"\" loading=\"lazy\" \/><\/a><div class='slide-content'><header class=\"entry-content-header\"><h3 class='slide-entry-title entry-title'  itemprop=\"headline\" ><a href='https:\/\/cjnrb.fr\/cjnrb_fr\/accueil-des-collegiens-au-college-de-la-quintinie\/' title='Accueil des coll\u00e9giens au coll\u00e8ge de la Quintinie'>Accueil des coll\u00e9giens au coll\u00e8ge de la Quintinie<\/a><\/h3><span class=\"blog-categories minor-meta\"><a href=\"https:\/\/cjnrb.fr\/cjnrb_fr\/category\/actu\/\" rel=\"tag\">Actu<\/a> <\/span><span class=\"av-vertical-delimiter\"><\/span><\/header><div class='slide-entry-excerpt entry-content'  itemprop=\"text\" >Accueil des coll\u00e9giens au coll\u00e8ge de la Quintinie\r\nUne trentaine de coll\u00e9giens espagnols de l\u2019\u00e9cole Gen\u00e7ana ont \u00e9t\u00e9 re\u00e7us par leurs correspondants du 10 au 16 mars. Ils ont pu participer \u00e0 la vie du coll\u00e8ge, d\u00e9couvrir les monuments\u2026<\/div><\/div><footer class=\"entry-footer\"><div class='slide-meta'><time class='slide-meta-time updated'  itemprop=\"datePublished\" datetime=\"2026-03-22T18:33:04+01:00\" >22 mars 2026<\/time><\/div><\/footer><span class='hidden'>\n\t\t\t<span class='av-structured-data'  itemprop=\"ImageObject\" itemscope=\"itemscope\" itemtype=\"https:\/\/schema.org\/ImageObject\"  itemprop='image'>\n\t\t\t\t\t   <span itemprop='url' >https:\/\/cjnrb.fr\/cjnrb_fr\/wp-content\/uploads\/2026\/03\/Collegiens-mars-2026.jpg<\/span>\n\t\t\t\t\t   <span itemprop='height' >1536<\/span>\n\t\t\t\t\t   <span itemprop='width' >2048<\/span>\n\t\t\t\t  <\/span><span class='av-structured-data'  itemprop=\"publisher\" itemtype=\"https:\/\/schema.org\/Organization\" itemscope=\"itemscope\" >\n\t\t\t\t<span itemprop='name'>francois<\/span>\n\t\t\t\t<span itemprop='logo' itemscope itemtype='https:\/\/schema.org\/ImageObject'>\n\t\t\t\t   <span itemprop='url'>https:\/\/cjnrb.fr\/cjnrb_fr\/wp-content\/uploads\/2022\/05\/tetiere-300x79.png<\/span>\n\t\t\t\t <\/span>\n\t\t\t  <\/span><span class='av-structured-data'  itemprop=\"author\" itemscope=\"itemscope\" itemtype=\"https:\/\/schema.org\/Person\" ><span itemprop='name'>francois<\/span><\/span><span class='av-structured-data'  itemprop=\"datePublished\" datetime=\"2026-03-09T14:55:32+01:00\" >2026-03-22 18:33:04<\/span><span class='av-structured-data'  itemprop=\"dateModified\" itemtype=\"https:\/\/schema.org\/dateModified\" >2026-03-22 18:33:04<\/span><span class='av-structured-data'  itemprop=\"mainEntityOfPage\" itemtype=\"https:\/\/schema.org\/mainEntityOfPage\" ><span itemprop='name'>Accueil des coll\u00e9giens au coll\u00e8ge de la Quintinie<\/span><\/span><\/span><\/article><article class='slide-entry flex_column  post-entry post-entry-5332 slide-entry-overview slide-loop-2 slide-parity-even  av_one_third  real-thumbnail'  itemscope=\"itemscope\" itemtype=\"https:\/\/schema.org\/BlogPosting\" itemprop=\"blogPost\" ><a href='https:\/\/cjnrb.fr\/cjnrb_fr\/a-la-decouverte-de-la-louisiane\/' data-rel='slide-2' class='slide-image' title=''><img width=\"260\" height=\"185\" src=\"https:\/\/cjnrb.fr\/cjnrb_fr\/wp-content\/uploads\/2026\/03\/NOLA-260x185.jpg\" class=\"attachment-portfolio_small size-portfolio_small wp-post-image\" alt=\"\" loading=\"lazy\" \/><\/a><div class='slide-content'><header class=\"entry-content-header\"><h3 class='slide-entry-title entry-title'  itemprop=\"headline\" ><a href='https:\/\/cjnrb.fr\/cjnrb_fr\/a-la-decouverte-de-la-louisiane\/' title='A la d\u00e9couverte de la Louisiane !'>A la d\u00e9couverte de la Louisiane !<\/a><\/h3><span class=\"blog-categories minor-meta\"><a href=\"https:\/\/cjnrb.fr\/cjnrb_fr\/category\/actu\/\" rel=\"tag\">Actu<\/a> <\/span><span class=\"av-vertical-delimiter\"><\/span><\/header><div class='slide-entry-excerpt entry-content'  itemprop=\"text\" >A la d\u00e9couverte de la Louisiane !\r\nGr\u00e2ce au comit\u00e9 de jumelage d\u2019Albion, 7 habitants de Bailly et Noisy-le-Roi ont pu partir \u00e0 la d\u00e9couverte de la Louisiane avec comme point de d\u00e9part la Nouvelle-Orl\u00e9ans, son \u00ab\u00a0French Quarter\u00a0\u00bb,\u2026<\/div><\/div><footer class=\"entry-footer\"><div class='slide-meta'><time class='slide-meta-time updated'  itemprop=\"datePublished\" datetime=\"2026-03-22T18:19:59+01:00\" >22 mars 2026<\/time><\/div><\/footer><span class='hidden'>\n\t\t\t<span class='av-structured-data'  itemprop=\"ImageObject\" itemscope=\"itemscope\" itemtype=\"https:\/\/schema.org\/ImageObject\"  itemprop='image'>\n\t\t\t\t\t   <span itemprop='url' >https:\/\/cjnrb.fr\/cjnrb_fr\/wp-content\/uploads\/2026\/03\/NOLA.jpg<\/span>\n\t\t\t\t\t   <span itemprop='height' >2040<\/span>\n\t\t\t\t\t   <span itemprop='width' >1530<\/span>\n\t\t\t\t  <\/span><span class='av-structured-data'  itemprop=\"publisher\" itemtype=\"https:\/\/schema.org\/Organization\" itemscope=\"itemscope\" >\n\t\t\t\t<span itemprop='name'>francois<\/span>\n\t\t\t\t<span itemprop='logo' itemscope itemtype='https:\/\/schema.org\/ImageObject'>\n\t\t\t\t   <span itemprop='url'>https:\/\/cjnrb.fr\/cjnrb_fr\/wp-content\/uploads\/2022\/05\/tetiere-300x79.png<\/span>\n\t\t\t\t <\/span>\n\t\t\t  <\/span><span class='av-structured-data'  itemprop=\"author\" itemscope=\"itemscope\" itemtype=\"https:\/\/schema.org\/Person\" ><span itemprop='name'>francois<\/span><\/span><span class='av-structured-data'  itemprop=\"datePublished\" datetime=\"2026-03-09T14:55:32+01:00\" >2026-03-22 18:19:59<\/span><span class='av-structured-data'  itemprop=\"dateModified\" itemtype=\"https:\/\/schema.org\/dateModified\" >2026-03-22 18:19:59<\/span><span class='av-structured-data'  itemprop=\"mainEntityOfPage\" itemtype=\"https:\/\/schema.org\/mainEntityOfPage\" ><span itemprop='name'>A la d\u00e9couverte de la Louisiane !<\/span><\/span><\/span><\/article><article class='slide-entry flex_column  post-entry post-entry-5322 slide-entry-overview slide-loop-3 slide-parity-odd  post-entry-last  av_one_third  real-thumbnail'  itemscope=\"itemscope\" itemtype=\"https:\/\/schema.org\/BlogPosting\" itemprop=\"blogPost\" ><a href='https:\/\/cjnrb.fr\/cjnrb_fr\/annee-2025\/' data-rel='slide-2' class='slide-image' title=''><img width=\"200\" height=\"151\" src=\"https:\/\/cjnrb.fr\/cjnrb_fr\/wp-content\/uploads\/2026\/03\/CJNR-act-2025.jpg\" class=\"attachment-portfolio_small size-portfolio_small wp-post-image\" alt=\"\" loading=\"lazy\" \/><\/a><div class='slide-content'><header class=\"entry-content-header\"><h3 class='slide-entry-title entry-title'  itemprop=\"headline\" ><a href='https:\/\/cjnrb.fr\/cjnrb_fr\/annee-2025\/' title='ANNEE 2025'>ANNEE 2025<\/a><\/h3><span class=\"blog-categories minor-meta\"><a href=\"https:\/\/cjnrb.fr\/cjnrb_fr\/category\/actu\/\" rel=\"tag\">Actu<\/a> <\/span><span class=\"av-vertical-delimiter\"><\/span><\/header><div class='slide-entry-excerpt entry-content'  itemprop=\"text\" >Ativit\u00e9s du Comit\u00e9 - Ann\u00e9e 2025\r\n\r\n2025\r\n\r\nDu 14 au 17 janvier : S\u00e9jour de J.M Mussoles, maire de Godella, pour les v\u0153ux des maires \u00e0 Bailly et Noisy-le-Roi\r\n\r\nDu 17 au 23 janvier : Participation de M. Tourelle \u00e0 la f\u00eate de la San Sebastian\u2026<\/div><\/div><footer class=\"entry-footer\"><div class='slide-meta'><time class='slide-meta-time updated'  itemprop=\"datePublished\" datetime=\"2026-03-09T14:55:32+01:00\" >9 mars 2026<\/time><\/div><\/footer><span class='hidden'>\n\t\t\t<span class='av-structured-data'  itemprop=\"ImageObject\" itemscope=\"itemscope\" itemtype=\"https:\/\/schema.org\/ImageObject\"  itemprop='image'>\n\t\t\t\t\t   <span itemprop='url' >https:\/\/cjnrb.fr\/cjnrb_fr\/wp-content\/uploads\/2026\/03\/CJNR-act-2025.jpg<\/span>\n\t\t\t\t\t   <span itemprop='height' >151<\/span>\n\t\t\t\t\t   <span itemprop='width' >200<\/span>\n\t\t\t\t  <\/span><span class='av-structured-data'  itemprop=\"publisher\" itemtype=\"https:\/\/schema.org\/Organization\" itemscope=\"itemscope\" >\n\t\t\t\t<span itemprop='name'>francois<\/span>\n\t\t\t\t<span itemprop='logo' itemscope itemtype='https:\/\/schema.org\/ImageObject'>\n\t\t\t\t   <span itemprop='url'>https:\/\/cjnrb.fr\/cjnrb_fr\/wp-content\/uploads\/2022\/05\/tetiere-300x79.png<\/span>\n\t\t\t\t <\/span>\n\t\t\t  <\/span><span class='av-structured-data'  itemprop=\"author\" itemscope=\"itemscope\" itemtype=\"https:\/\/schema.org\/Person\" ><span itemprop='name'>francois<\/span><\/span><span class='av-structured-data'  itemprop=\"datePublished\" datetime=\"2026-03-09T14:55:32+01:00\" >2026-03-09 14:55:32<\/span><span class='av-structured-data'  itemprop=\"dateModified\" itemtype=\"https:\/\/schema.org\/dateModified\" >2026-03-09 15:10:39<\/span><span class='av-structured-data'  itemprop=\"mainEntityOfPage\" itemtype=\"https:\/\/schema.org\/mainEntityOfPage\" ><span itemprop='name'>ANNEE 2025<\/span><\/span><\/span><\/article><\/div><\/div><div class='pagination-wrap pagination-slider'><nav class='pagination'><span class='pagination-meta'>Page 1 sur 34<\/span><span class='current'>1<\/span><a href='https:\/\/cjnrb.fr\/cjnrb_fr\/wp-json\/wp\/v2\/pages\/734\/page\/2\/' class='inactive next_page' >2<\/a><a href='https:\/\/cjnrb.fr\/cjnrb_fr\/wp-json\/wp\/v2\/pages\/734\/page\/3\/' class='inactive' >3<\/a><a href='https:\/\/cjnrb.fr\/cjnrb_fr\/wp-json\/wp\/v2\/pages\/734\/page\/2\/'>&rsaquo;<\/a><a href='https:\/\/cjnrb.fr\/cjnrb_fr\/wp-json\/wp\/v2\/pages\/734\/page\/34\/'>&raquo;<\/a><\/nav>\n<\/div><\/div><\/div>\n<div  class='hr hr-default  '><span class='hr-inner ' ><span class='hr-inner-style'><\/span><\/span><\/div>\n<section class=\"av_textblock_section \"  itemscope=\"itemscope\" itemtype=\"https:\/\/schema.org\/BlogPosting\" itemprop=\"blogPost\" ><div class='avia_textblock  '   itemprop=\"text\" ><blockquote>\n<h2>Les villes jumel\u00e9es<\/h2>\n<\/blockquote>\n<\/div><\/section>\n<div class=\"flex_column av_one_fourth  flex_column_div av-zero-column-padding first  \" style='border-radius:0px; '><section class=\"av_textblock_section \"  itemscope=\"itemscope\" itemtype=\"https:\/\/schema.org\/BlogPosting\" itemprop=\"blogPost\" ><div class='avia_textblock  '   itemprop=\"text\" ><h2 style=\"text-align: center;\">Albion<\/h2>\n<p><a href=\"http:\/\/cjnrb.fr\/cjnrb_fr\/la-ville-dalbion\/\"><span class=\"texte\"><img loading=\"lazy\" class=\"size-full wp-image-4409 aligncenter\" src=\"http:\/\/cjnrb.fr\/cjnrb_fr\/wp-content\/uploads\/2018\/11\/Logo-villes-jumel\u00e9es-Albion.jpg\" alt=\"\" width=\"205\" height=\"230\" \/><\/span><\/a><\/p>\n<p><span class=\"texte\">Albion est une ville de l&rsquo;Etat du Michigan qui fait partie du comt\u00e9 de Calhoun.<br \/>\n<a href=\"http:\/\/cjnrb.fr\/cjnrb_fr\/la-ville-dalbion\/\">Lire la suite&#8230;<\/a><\/span><\/p>\n<\/div><\/section><\/div>\n<div class=\"flex_column av_one_fourth  flex_column_div av-zero-column-padding   \" style='border-radius:0px; '><section class=\"av_textblock_section \"  itemscope=\"itemscope\" itemtype=\"https:\/\/schema.org\/BlogPosting\" itemprop=\"blogPost\" ><div class='avia_textblock  '   itemprop=\"text\" ><h2 style=\"text-align: center;\">Godella<\/h2>\n<p><a href=\"http:\/\/cjnrb.fr\/cjnrb_fr\/la-ville-de-godella\/\"><img loading=\"lazy\" class=\"size-full wp-image-4411 aligncenter\" src=\"http:\/\/cjnrb.fr\/cjnrb_fr\/wp-content\/uploads\/2018\/11\/Logo-villes-jumel\u00e9es-godella.jpg\" alt=\"\" width=\"205\" height=\"230\" \/><\/a><\/p>\n<p><span class=\"texte\">La ville de Godella est situ\u00e9e dans la province de Valence \u00e0 8 km de la ville de Valence.<br \/>\n<a href=\"http:\/\/cjnrb.fr\/cjnrb_fr\/la-ville-de-godella\/\">Lire la suite&#8230;<\/a><\/span><\/p>\n<\/div><\/section><\/div>\n<div class=\"flex_column av_one_fourth  flex_column_div av-zero-column-padding   \" style='border-radius:0px; '><section class=\"av_textblock_section \"  itemscope=\"itemscope\" itemtype=\"https:\/\/schema.org\/BlogPosting\" itemprop=\"blogPost\" ><div class='avia_textblock  '   itemprop=\"text\" ><h2 style=\"text-align: center;\">Noisy le Roi<\/h2>\n<p><a href=\"http:\/\/cjnrb.fr\/cjnrb_fr\/la-ville-de-noisy-le-roi\/\"><img loading=\"lazy\" class=\"alignnone size-full wp-image-4412 aligncenter\" src=\"http:\/\/cjnrb.fr\/cjnrb_fr\/wp-content\/uploads\/2018\/11\/Logo-villes-jumel\u00e9es-Noisy-le-roi.jpg\" alt=\"\" width=\"205\" height=\"230\" \/><\/a><\/p>\n<p><span class=\"texte\">Quoique des reliques subsistent des temps Gallo-romain, l&rsquo;histoire de Noisy remonte \u00e0 partir du 12\u00e8 si\u00e8cle.<br \/>\n<a href=\"http:\/\/cjnrb.fr\/cjnrb_fr\/la-ville-de-noisy-le-roi\/\">Lire la suite&#8230;<\/a><\/span><\/p>\n<\/div><\/section><\/div>\n<div class=\"flex_column av_one_fourth  flex_column_div av-zero-column-padding   \" style='border-radius:0px; '><section class=\"av_textblock_section \"  itemscope=\"itemscope\" itemtype=\"https:\/\/schema.org\/BlogPosting\" itemprop=\"blogPost\" ><div class='avia_textblock  '   itemprop=\"text\" ><h2 style=\"text-align: center;\">Bailly<\/h2>\n<p><a href=\"http:\/\/cjnrb.fr\/cjnrb_fr\/la-ville-de-bailly\/\"><img loading=\"lazy\" class=\"alignnone size-full wp-image-4410 aligncenter\" src=\"http:\/\/cjnrb.fr\/cjnrb_fr\/wp-content\/uploads\/2018\/11\/Logo-villes-jumel\u00e9es-Bailly.jpg\" alt=\"\" width=\"205\" height=\"230\" \/><\/a><\/p>\n<p><span class=\"texte\">Les origines de Bailly sont li\u00e9es au d\u00e9frichement du Val de Gally dont le r\u00fb serpente de Versailles jusqu\u2019\u00e0 la Mauldre.<br \/>\n<a href=\"http:\/\/cjnrb.fr\/cjnrb_fr\/la-ville-de-bailly\/\">Lire la suite&#8230;<\/a><\/span><\/p>\n<\/div><\/section><\/div>\n<\/div><\/div><\/div><!-- close content main div --><\/div><\/div><div id='av_section_2' class='avia-section alternate_color avia-section-large avia-shadow avia-bg-style-scroll   container_wrap sidebar_right' style=' '   style=' ' ><div class='container' ><div class='template-page content  av-content-small alpha units'><div class='post-entry post-entry-type-page post-entry-734'><div class='entry-content-wrapper clearfix'>\n<div class=\"flex_column av_one_half  flex_column_div first  \" ><section class=\"av_textblock_section \"  itemscope=\"itemscope\" itemtype=\"https:\/\/schema.org\/BlogPosting\" itemprop=\"blogPost\" ><div class='avia_textblock  '   itemprop=\"text\" ><h2 style=\"text-align: right;\">L&rsquo;\u00e9quipe<\/h2>\n<\/div><\/section><br \/>\n<div  class='hr hr-short hr-right  '><span class='hr-inner ' ><span class='hr-inner-style'><\/span><\/span><\/div><br \/>\n<section class=\"av_textblock_section \"  itemscope=\"itemscope\" itemtype=\"https:\/\/schema.org\/BlogPosting\" itemprop=\"blogPost\" ><div class='avia_textblock  '   itemprop=\"text\" ><p style=\"text-align: right;\"><span class=\"texte\">Le Comit\u00e9 de jumelage de Noisy le Roi-Bailly (CJNRB),\u00a0<\/span><span class=\"texte\">association de b\u00e9n\u00e9voles,<br \/>\n<strong>a pour but de mettre en \u0153uvre et de favoriser des \u00e9changes dans les domaines scolaires,<\/strong><br \/>\n<strong> culturels, sportifs, \u00e9conomiques et environnementaux<\/strong><br \/>\n<strong> avec les villes d\u2019Albion (USA)<\/strong><br \/>\n<strong> et Godella (Espagne)<\/strong><br \/>\nconform\u00e9ment aux d\u00e9cisions des Conseils Municipaux de Noisy le Roi<br \/>\net de Bailly&#8230;<\/span><\/p>\n<\/div><\/section><br \/>\n<div  class='hr hr-short hr-right  '><span class='hr-inner ' ><span class='hr-inner-style'><\/span><\/span><\/div><\/p><\/div><div class=\"flex_column av_one_half  flex_column_div   \" ><p><section class=\"av_textblock_section \"  itemscope=\"itemscope\" itemtype=\"https:\/\/schema.org\/BlogPosting\" itemprop=\"blogPost\" ><div class='avia_textblock  '   itemprop=\"text\" ><p><strong><img loading=\"lazy\" class=\"size-full wp-image-4221 alignleft\" src=\"http:\/\/cjnrb.fr\/cjnrb_fr\/wp-content\/uploads\/2018\/11\/A.Theis-Viemont.jpg\" alt=\"\" width=\"100\" height=\"100\" srcset=\"https:\/\/cjnrb.fr\/cjnrb_fr\/wp-content\/uploads\/2018\/11\/A.Theis-Viemont.jpg 100w, https:\/\/cjnrb.fr\/cjnrb_fr\/wp-content\/uploads\/2018\/11\/A.Theis-Viemont-80x80.jpg 80w, https:\/\/cjnrb.fr\/cjnrb_fr\/wp-content\/uploads\/2018\/11\/A.Theis-Viemont-36x36.jpg 36w\" sizes=\"(max-width: 100px) 100vw, 100px\" \/>Annick Theis-Viemont<br \/>\n<\/strong>Pr\u00e9sidente<strong><br \/>\n<\/strong><\/p>\n<\/div><\/section><br \/>\n<section class=\"av_textblock_section \"  itemscope=\"itemscope\" itemtype=\"https:\/\/schema.org\/BlogPosting\" itemprop=\"blogPost\" ><div class='avia_textblock  '   itemprop=\"text\" ><p><strong><img loading=\"lazy\" class=\"size-full wp-image-4224 alignleft\" src=\"http:\/\/cjnrb.fr\/cjnrb_fr\/wp-content\/uploads\/2018\/11\/F.Amet_.jpg\" alt=\"\" width=\"100\" height=\"100\" srcset=\"https:\/\/cjnrb.fr\/cjnrb_fr\/wp-content\/uploads\/2018\/11\/F.Amet_.jpg 100w, https:\/\/cjnrb.fr\/cjnrb_fr\/wp-content\/uploads\/2018\/11\/F.Amet_-80x80.jpg 80w, https:\/\/cjnrb.fr\/cjnrb_fr\/wp-content\/uploads\/2018\/11\/F.Amet_-36x36.jpg 36w\" sizes=\"(max-width: 100px) 100vw, 100px\" \/>Fran\u00e7ois Amet<br \/>\n<\/strong>Vice-pr\u00e9sident,\u00a0coordonnateur Etats-Unis &amp; communication<\/p>\n<\/div><\/section><br \/>\n<section class=\"av_textblock_section \"  itemscope=\"itemscope\" itemtype=\"https:\/\/schema.org\/BlogPosting\" itemprop=\"blogPost\" ><div class='avia_textblock  '   itemprop=\"text\" ><p><strong><img loading=\"lazy\" class=\"size-full wp-image-4223 alignleft\" src=\"http:\/\/cjnrb.fr\/cjnrb_fr\/wp-content\/uploads\/2018\/11\/C.Peyrouze.jpg\" alt=\"\" width=\"100\" height=\"100\" srcset=\"https:\/\/cjnrb.fr\/cjnrb_fr\/wp-content\/uploads\/2018\/11\/C.Peyrouze.jpg 100w, https:\/\/cjnrb.fr\/cjnrb_fr\/wp-content\/uploads\/2018\/11\/C.Peyrouze-80x80.jpg 80w, https:\/\/cjnrb.fr\/cjnrb_fr\/wp-content\/uploads\/2018\/11\/C.Peyrouze-36x36.jpg 36w\" sizes=\"(max-width: 100px) 100vw, 100px\" \/>Christiane Peyrouze<br \/>\n<\/strong>Vice-pr\u00e9sidente,\u00a0coordonnatrice Espagne<\/p>\n<\/div><\/section><br \/>\n<section class=\"av_textblock_section \"  itemscope=\"itemscope\" itemtype=\"https:\/\/schema.org\/BlogPosting\" itemprop=\"blogPost\" ><div class='avia_textblock  '   itemprop=\"text\" ><p><strong><img loading=\"lazy\" class=\"size-full wp-image-5062 alignleft\" src=\"https:\/\/cjnrb.fr\/cjnrb_fr\/wp-content\/uploads\/2023\/05\/Danielle.jpg\" alt=\"\" width=\"100\" height=\"100\" srcset=\"https:\/\/cjnrb.fr\/cjnrb_fr\/wp-content\/uploads\/2023\/05\/Danielle.jpg 100w, https:\/\/cjnrb.fr\/cjnrb_fr\/wp-content\/uploads\/2023\/05\/Danielle-80x80.jpg 80w, https:\/\/cjnrb.fr\/cjnrb_fr\/wp-content\/uploads\/2023\/05\/Danielle-36x36.jpg 36w\" sizes=\"(max-width: 100px) 100vw, 100px\" \/>Danielle Cordier<br \/>\n<\/strong>Secr\u00e9taire<\/p>\n<\/div><\/section><br \/>\n<section class=\"av_textblock_section \"  itemscope=\"itemscope\" itemtype=\"https:\/\/schema.org\/BlogPosting\" itemprop=\"blogPost\" ><div class='avia_textblock  '   itemprop=\"text\" ><p><strong><img loading=\"lazy\" class=\"size-full wp-image-4222 alignleft\" src=\"http:\/\/cjnrb.fr\/cjnrb_fr\/wp-content\/uploads\/2018\/11\/Alain-Raillard.jpg\" alt=\"\" width=\"100\" height=\"100\" srcset=\"https:\/\/cjnrb.fr\/cjnrb_fr\/wp-content\/uploads\/2018\/11\/Alain-Raillard.jpg 100w, https:\/\/cjnrb.fr\/cjnrb_fr\/wp-content\/uploads\/2018\/11\/Alain-Raillard-80x80.jpg 80w, https:\/\/cjnrb.fr\/cjnrb_fr\/wp-content\/uploads\/2018\/11\/Alain-Raillard-36x36.jpg 36w\" sizes=\"(max-width: 100px) 100vw, 100px\" \/>Alain Raillard<br \/>\n<\/strong>Tr\u00e9sorier<\/p>\n<\/div><\/section><\/p><\/div><\/div><\/div><\/div><!-- close content main div --><\/div><\/div><div id='after_section_2' class='main_color av_default_container_wrap container_wrap sidebar_right' style=' '   style=' ' ><div class='container' ><div class='template-page content  av-content-small alpha units'><div class='post-entry post-entry-type-page post-entry-734'><div class='entry-content-wrapper clearfix'>\n","protected":false},"excerpt":{"rendered":"<p>This is a Page excerpt. It will be displayed for search results<\/p>\n","protected":false},"author":1,"featured_media":0,"parent":0,"menu_order":0,"comment_status":"open","ping_status":"open","template":"","meta":[],"yoast_head":"<!-- This site is optimized with the Yoast SEO plugin v18.5.1 - https:\/\/yoast.com\/wordpress\/plugins\/seo\/ -->\n<title>Page d&#039;accueil - Jumelage Noisy le Roi \/ Bailly<\/title>\n<meta name=\"robots\" content=\"index, follow, max-snippet:-1, max-image-preview:large, max-video-preview:-1\" \/>\n<link rel=\"canonical\" href=\"https:\/\/cjnrb.fr\/cjnrb_fr\/\" \/>\n<meta property=\"og:locale\" content=\"fr_FR\" \/>\n<meta property=\"og:type\" content=\"article\" \/>\n<meta property=\"og:title\" content=\"Page d&#039;accueil - Jumelage Noisy le Roi \/ Bailly\" \/>\n<meta property=\"og:description\" content=\"This is a Page excerpt. It will be displayed for search results\" \/>\n<meta property=\"og:url\" content=\"https:\/\/cjnrb.fr\/cjnrb_fr\/\" \/>\n<meta property=\"og:site_name\" content=\"Jumelage Noisy le Roi \/ Bailly\" \/>\n<meta property=\"article:modified_time\" content=\"2025-11-02T16:59:23+00:00\" \/>\n<meta property=\"og:image\" content=\"http:\/\/cjnrb.fr\/cjnrb_fr\/wp-content\/uploads\/2018\/11\/A.Theis-Viemont.jpg\" \/>\n<meta name=\"twitter:card\" content=\"summary_large_image\" \/>\n<meta name=\"twitter:label1\" content=\"Dur\u00e9e de lecture estim\u00e9e\" \/>\n\t<meta name=\"twitter:data1\" content=\"6 minutes\" \/>\n<script type=\"application\/ld+json\" class=\"yoast-schema-graph\">{\"@context\":\"https:\/\/schema.org\",\"@graph\":[{\"@type\":\"WebSite\",\"@id\":\"https:\/\/cjnrb.fr\/cjnrb_fr\/#website\",\"url\":\"https:\/\/cjnrb.fr\/cjnrb_fr\/\",\"name\":\"Jumelage Noisy le Roi \/ Bailly\",\"description\":\"\u00e9changes dans les domaines scolaires, culturels, sportifs, \u00e9conomiques et environnementaux avec les villes d\u2019Albion (USA) et Godella (Espagne) \",\"potentialAction\":[{\"@type\":\"SearchAction\",\"target\":{\"@type\":\"EntryPoint\",\"urlTemplate\":\"https:\/\/cjnrb.fr\/cjnrb_fr\/?s={search_term_string}\"},\"query-input\":\"required name=search_term_string\"}],\"inLanguage\":\"fr-FR\"},{\"@type\":\"ImageObject\",\"@id\":\"https:\/\/cjnrb.fr\/cjnrb_fr\/#primaryimage\",\"inLanguage\":\"fr-FR\",\"url\":\"http:\/\/cjnrb.fr\/cjnrb_fr\/wp-content\/uploads\/2018\/11\/A.Theis-Viemont.jpg\",\"contentUrl\":\"http:\/\/cjnrb.fr\/cjnrb_fr\/wp-content\/uploads\/2018\/11\/A.Theis-Viemont.jpg\"},{\"@type\":\"WebPage\",\"@id\":\"https:\/\/cjnrb.fr\/cjnrb_fr\/#webpage\",\"url\":\"https:\/\/cjnrb.fr\/cjnrb_fr\/\",\"name\":\"Page d'accueil - Jumelage Noisy le Roi \/ Bailly\",\"isPartOf\":{\"@id\":\"https:\/\/cjnrb.fr\/cjnrb_fr\/#website\"},\"primaryImageOfPage\":{\"@id\":\"https:\/\/cjnrb.fr\/cjnrb_fr\/#primaryimage\"},\"datePublished\":\"2013-04-01T15:37:54+00:00\",\"dateModified\":\"2025-11-02T16:59:23+00:00\",\"breadcrumb\":{\"@id\":\"https:\/\/cjnrb.fr\/cjnrb_fr\/#breadcrumb\"},\"inLanguage\":\"fr-FR\",\"potentialAction\":[{\"@type\":\"ReadAction\",\"target\":[\"https:\/\/cjnrb.fr\/cjnrb_fr\/\"]}]},{\"@type\":\"BreadcrumbList\",\"@id\":\"https:\/\/cjnrb.fr\/cjnrb_fr\/#breadcrumb\",\"itemListElement\":[{\"@type\":\"ListItem\",\"position\":1,\"name\":\"Accueil\",\"item\":\"https:\/\/cjnrb.fr\/cjnrb_fr\/\"},{\"@type\":\"ListItem\",\"position\":2,\"name\":\"Page d&rsquo;accueil\"}]}]}<\/script>\n<!-- \/ Yoast SEO plugin. -->","yoast_head_json":{"title":"Page d'accueil - Jumelage Noisy le Roi \/ Bailly","robots":{"index":"index","follow":"follow","max-snippet":"max-snippet:-1","max-image-preview":"max-image-preview:large","max-video-preview":"max-video-preview:-1"},"canonical":"https:\/\/cjnrb.fr\/cjnrb_fr\/","og_locale":"fr_FR","og_type":"article","og_title":"Page d'accueil - Jumelage Noisy le Roi \/ Bailly","og_description":"This is a Page excerpt. It will be displayed for search results","og_url":"https:\/\/cjnrb.fr\/cjnrb_fr\/","og_site_name":"Jumelage Noisy le Roi \/ Bailly","article_modified_time":"2025-11-02T16:59:23+00:00","og_image":[{"url":"http:\/\/cjnrb.fr\/cjnrb_fr\/wp-content\/uploads\/2018\/11\/A.Theis-Viemont.jpg"}],"twitter_card":"summary_large_image","twitter_misc":{"Dur\u00e9e de lecture estim\u00e9e":"6 minutes"},"schema":{"@context":"https:\/\/schema.org","@graph":[{"@type":"WebSite","@id":"https:\/\/cjnrb.fr\/cjnrb_fr\/#website","url":"https:\/\/cjnrb.fr\/cjnrb_fr\/","name":"Jumelage Noisy le Roi \/ Bailly","description":"\u00e9changes dans les domaines scolaires, culturels, sportifs, \u00e9conomiques et environnementaux avec les villes d\u2019Albion (USA) et Godella (Espagne) ","potentialAction":[{"@type":"SearchAction","target":{"@type":"EntryPoint","urlTemplate":"https:\/\/cjnrb.fr\/cjnrb_fr\/?s={search_term_string}"},"query-input":"required name=search_term_string"}],"inLanguage":"fr-FR"},{"@type":"ImageObject","@id":"https:\/\/cjnrb.fr\/cjnrb_fr\/#primaryimage","inLanguage":"fr-FR","url":"http:\/\/cjnrb.fr\/cjnrb_fr\/wp-content\/uploads\/2018\/11\/A.Theis-Viemont.jpg","contentUrl":"http:\/\/cjnrb.fr\/cjnrb_fr\/wp-content\/uploads\/2018\/11\/A.Theis-Viemont.jpg"},{"@type":"WebPage","@id":"https:\/\/cjnrb.fr\/cjnrb_fr\/#webpage","url":"https:\/\/cjnrb.fr\/cjnrb_fr\/","name":"Page d'accueil - Jumelage Noisy le Roi \/ Bailly","isPartOf":{"@id":"https:\/\/cjnrb.fr\/cjnrb_fr\/#website"},"primaryImageOfPage":{"@id":"https:\/\/cjnrb.fr\/cjnrb_fr\/#primaryimage"},"datePublished":"2013-04-01T15:37:54+00:00","dateModified":"2025-11-02T16:59:23+00:00","breadcrumb":{"@id":"https:\/\/cjnrb.fr\/cjnrb_fr\/#breadcrumb"},"inLanguage":"fr-FR","potentialAction":[{"@type":"ReadAction","target":["https:\/\/cjnrb.fr\/cjnrb_fr\/"]}]},{"@type":"BreadcrumbList","@id":"https:\/\/cjnrb.fr\/cjnrb_fr\/#breadcrumb","itemListElement":[{"@type":"ListItem","position":1,"name":"Accueil","item":"https:\/\/cjnrb.fr\/cjnrb_fr\/"},{"@type":"ListItem","position":2,"name":"Page d&rsquo;accueil"}]}]}},"_links":{"self":[{"href":"https:\/\/cjnrb.fr\/cjnrb_fr\/wp-json\/wp\/v2\/pages\/734"}],"collection":[{"href":"https:\/\/cjnrb.fr\/cjnrb_fr\/wp-json\/wp\/v2\/pages"}],"about":[{"href":"https:\/\/cjnrb.fr\/cjnrb_fr\/wp-json\/wp\/v2\/types\/page"}],"author":[{"embeddable":true,"href":"https:\/\/cjnrb.fr\/cjnrb_fr\/wp-json\/wp\/v2\/users\/1"}],"replies":[{"embeddable":true,"href":"https:\/\/cjnrb.fr\/cjnrb_fr\/wp-json\/wp\/v2\/comments?post=734"}],"version-history":[{"count":88,"href":"https:\/\/cjnrb.fr\/cjnrb_fr\/wp-json\/wp\/v2\/pages\/734\/revisions"}],"predecessor-version":[{"id":3277,"href":"https:\/\/cjnrb.fr\/cjnrb_fr\/wp-json\/wp\/v2\/pages\/734\/revisions\/3277"}],"wp:attachment":[{"href":"https:\/\/cjnrb.fr\/cjnrb_fr\/wp-json\/wp\/v2\/media?parent=734"}],"curies":[{"name":"wp","href":"https:\/\/api.w.org\/{rel}","templated":true}]}}